{"version":"1.0","provider_name":"Fiare Banca Etica","provider_url":"https:\/\/www.fiarebancaetica.coop\/ca\/","author_name":"DINOVA ES PF SOCIO","author_url":"https:\/\/www.fiarebancaetica.coop\/ca\/author\/admin-2\/","title":"Les finances \u00e8tiques i l\u2019Economia Social - Fiare Banca Etica","type":"rich","width":600,"height":338,"html":"<blockquote class=\"wp-embedded-content\" data-secret=\"15JFYxM7wE\"><a href=\"https:\/\/www.fiarebancaetica.coop\/ca\/evento\/les-finances-etiques-i-leconomia-social\/\">Les finances \u00e8tiques i l\u2019Economia Social<\/a><\/blockquote><iframe sandbox=\"allow-scripts\" security=\"restricted\" src=\"https:\/\/www.fiarebancaetica.coop\/ca\/evento\/les-finances-etiques-i-leconomia-social\/embed\/#?secret=15JFYxM7wE\" width=\"600\" height=\"338\" title=\"&#8220;Les finances \u00e8tiques i l\u2019Economia Social&#8221; &#8212; Fiare Banca Etica\" data-secret=\"15JFYxM7wE\" frameborder=\"0\" marginwidth=\"0\" marginheight=\"0\" scrolling=\"no\" class=\"wp-embedded-content\"><\/iframe><script type=\"text\/javascript\">\n\/* <![CDATA[ *\/\n\/*! This file is auto-generated *\/\n!function(d,l){\"use strict\";l.querySelector&&d.addEventListener&&\"undefined\"!=typeof URL&&(d.wp=d.wp||{},d.wp.receiveEmbedMessage||(d.wp.receiveEmbedMessage=function(e){var t=e.data;if((t||t.secret||t.message||t.value)&&!\/[^a-zA-Z0-9]\/.test(t.secret)){for(var s,r,n,a=l.querySelectorAll('iframe[data-secret=\"'+t.secret+'\"]'),o=l.querySelectorAll('blockquote[data-secret=\"'+t.secret+'\"]'),c=new RegExp(\"^https?:$\",\"i\"),i=0;i<o.length;i++)o[i].style.display=\"none\";for(i=0;i<a.length;i++)s=a[i],e.source===s.contentWindow&&(s.removeAttribute(\"style\"),\"height\"===t.message?(1e3<(r=parseInt(t.value,10))?r=1e3:~~r<200&&(r=200),s.height=r):\"link\"===t.message&&(r=new URL(s.getAttribute(\"src\")),n=new URL(t.value),c.test(n.protocol))&&n.host===r.host&&l.activeElement===s&&(d.top.location.href=t.value))}},d.addEventListener(\"message\",d.wp.receiveEmbedMessage,!1),l.addEventListener(\"DOMContentLoaded\",function(){for(var e,t,s=l.querySelectorAll(\"iframe.wp-embedded-content\"),r=0;r<s.length;r++)(t=(e=s[r]).getAttribute(\"data-secret\"))||(t=Math.random().toString(36).substring(2,12),e.src+=\"#?secret=\"+t,e.setAttribute(\"data-secret\",t)),e.contentWindow.postMessage({message:\"ready\",secret:t},\"*\")},!1)))}(window,document);\n\/\/# sourceURL=https:\/\/www.fiarebancaetica.coop\/wp\/wp-includes\/js\/wp-embed.min.js\n\/* ]]> *\/\n<\/script>\n","description":"El dilluns 7 de maig a les 19h participem a la xerrada \u201cLes finances \u00e8tiques i l\u2019Economia Social\u201d al Centre C\u00edvic Vil\u00b7la Ur\u00e0nia amb Fets i Coop 57. La xerrada est\u00e0 organizada per SSG Coopera, projecte d&#8217;impuls i enfortiment de l&#8217;ESS a Sarri\u00e0-Sant Gervasi. Cal inscripci\u00f3 pr\u00e8via: https:\/\/vil-laurania.inscripcionscc.com\/MiramModular\/buscador\/buscador.jsp?g=1&amp;c=49&amp;a=1579."}