{"id":381935,"date":"2024-12-12T11:20:49","date_gmt":"2024-12-12T10:20:49","guid":{"rendered":"https:\/\/www.fiarebancaetica.coop\/crowdfunding-comunidades-energeticas\/"},"modified":"2025-01-16T11:48:30","modified_gmt":"2025-01-16T10:48:30","slug":"comunidats-energetiques","status":"publish","type":"page","link":"https:\/\/www.fiarebancaetica.coop\/ca\/comunidats-energetiques\/","title":{"rendered":""},"content":{"rendered":"\n\n<div class=\"wp-block-bancaetica-blocks-blocks-block-49\">\n    <div class=\"container-block-49\">\n\n        <div class=\"header-section \">\n                                            <\/div>\n\n        \n        <div class=\"block-background\" style=\"background-image: url('https:\/\/www.fiarebancaetica.coop\/app\/uploads\/sites\/2\/2024\/12\/apadrina-una-comunidad-955-x-229-px-1.jpg')\">\n                            <div class=\"tile\">\n                    <h1 class=\"image-title\"> Aportem energia a la teva comunitat <\/h1>\n                <\/div>             <!-- end .tile -->\n            <div class=\"bottom-content\">\n                                    <div class=\"group\">\n                                                    <div class=\"rows\">\n                                                                                            <\/div> <!-- end .rows -->\n                                            <\/div> <!-- end .group -->\n                            <\/div> <!-- end .button-content -->\n        <\/div> <!-- end .block-background -->\n    <\/div> <!-- end .container -->\n<\/div> <!-- end wp-block-bancaetica-blocks-blocks-block-06 -->\n\n\n<h1 class=\"wp-block-heading has-text-align-center\" style=\"font-size:74px\"><\/h1>\n\n\n\n<div style=\"height:42px\" aria-hidden=\"true\" class=\"wp-block-spacer\"><\/div>\n\n\n\n<div class=\"wrapper-crispybacon-class wrapper-crispybacon-class-medium \">\n    \n\n<p>La present convocat\u00f2ria t\u00e9 com a objectiu donar suport al desenvolupament i la consolidaci\u00f3 de <strong>Comunitats Energ\u00e8tiques<\/strong> als territoris on hi ha base social de <strong>Fiare Banca Etica<\/strong> i enfortir la col\u00b7laboraci\u00f3 m\u00fatua, contribuint a la transici\u00f3 energ\u00e8tica justa i a la lluita contra el canvi clim\u00e0tic.<\/p>\n\n\n\n<div style=\"height:25px\" aria-hidden=\"true\" class=\"wp-block-spacer\"><\/div>\n\n\n\n<hr class=\"wp-block-separator has-text-color has-blue-color has-alpha-channel-opacity has-blue-background-color has-background is-style-wide\"\/>\n\n\n\n<h3 class=\"wp-block-heading\"><strong>&nbsp;Objectiu de la convocat\u00f2ria<\/strong><\/h3>\n\n\n\n<p>Fomentar la col\u00b7laboraci\u00f3 entre les persones s\u00f2cies de Fiare Banca Etica i les Comunitats Energ\u00e8tiques properes, promovent una gesti\u00f3 de l\u2019energia m\u00e9s sostenible.&nbsp;<\/p>\n\n\n\n<div style=\"height:25px\" aria-hidden=\"true\" class=\"wp-block-spacer\"><\/div>\n\n\n\n<hr class=\"wp-block-separator has-text-color has-blue-color has-alpha-channel-opacity has-blue-background-color has-background is-style-wide\"\/>\n\n\n\n<h3 class=\"wp-block-heading\"><strong>Suport econ\u00f2mic<\/strong><\/h3>\n\n\n\n<p>Les Comunitats Energ\u00e8tiques seleccionades rebran una ajuda econ\u00f2mica a fons perdut, entre <strong>500 i 3.000 euros<\/strong> segons les seves necessitats i projectes. El pressupost total disponible \u00e9s de <strong>14.000 euros.<\/strong><\/p>\n\n\n\n<p>A m\u00e9s a m\u00e9s, podran accedir a altres recursos com:&nbsp;<\/p>\n\n\n\n<ul class=\"wp-block-list\">\n<li><strong>Programa <\/strong><a href=\"https:\/\/lacolmena.finanzaseticas.net\/\"><strong>La Colmena<\/strong><\/a><strong>:<\/strong> Suport t\u00e8cnic i possibilitat de rebre aportaci\u00f3 de capital.<\/li>\n\n\n\n<li><strong>Programa Accions per Joves:<\/strong> per a persones s\u00f2cies joves que participen en la comunitat.<br><br><\/li>\n<\/ul>\n\n\n\n<hr class=\"wp-block-separator has-text-color has-blue-color has-alpha-channel-opacity has-blue-background-color has-background\"\/>\n\n\n\n<h3 class=\"wp-block-heading\"><strong>Com participar?<\/strong><\/h3>\n\n\n\n<ol class=\"wp-block-list\">\n<li><strong>Presentaci\u00f3 de sol\u00b7licituds:<br><\/strong>Comunitats interessades han d\u2019enviar un correu a <strong><a href=\"mailto:anogueira@fiarebancaetica.coop\" target=\"_blank\" rel=\"noreferrer noopener\">anogueira@fiarebancaetica.coop<\/a><\/strong> o <a href=\"mailto:agasch@fiarebancaetica.coop\"><strong>agasch@fiarebancaetica.coop<\/strong> <\/a>con l\u2019<strong><a href=\"https:\/\/www.fiarebancaetica.coop\/app\/uploads\/sites\/2\/2025\/01\/anexo-I-comunidades-energeticas.docx.pdf\">Annex I<\/a><\/strong> abans del <strong>31 de gener de 2025<\/strong>..<\/li>\n\n\n\n<li><strong>Selecci\u00f3 de projectes:<br><\/strong>Els grups territorials de Fiare Banca Etica (GIT) seleccionaran una o diverses comunitats i presentaran una proposta conjunta a la comissi\u00f3 avaluadora.<\/li>\n\n\n\n<li><strong>Resultats:<br><\/strong>Les sol\u00b7licituds es resoldran abans del <strong>20 de mar\u00e7 de 2025<\/strong>.<br><\/li>\n<\/ol>\n\n\n\n<hr class=\"wp-block-separator has-text-color has-blue-color has-alpha-channel-opacity has-blue-background-color has-background\"\/>\n\n\n\n<h3 class=\"wp-block-heading\"><strong>Calendari de la convocat\u00f2ria<\/strong><\/h3>\n\n\n\n<ul class=\"wp-block-list\">\n<li><strong>Inici:<\/strong> 7 de gener de 2025<\/li>\n\n\n\n<li><strong>Tancament de les sol\u00b7licituds:<\/strong> 10 de febrer de 2025<\/li>\n\n\n\n<li><strong>Avaluaci\u00f3 i selecci\u00f3:<\/strong> Fins al 20 de mar\u00e7 de 2025<\/li>\n\n\n\n<li><strong>Inici dels projectes seleccionats:<\/strong> 1 d\u2019abril de 2025<\/li>\n<\/ul>\n\n\n\n<div style=\"height:28px\" aria-hidden=\"true\" class=\"wp-block-spacer\"><\/div>\n\n\n\n<hr class=\"wp-block-separator has-text-color has-blue-color has-alpha-channel-opacity has-blue-background-color has-background\"\/>\n\n\n\n<h3 class=\"wp-block-heading\"><strong>Criteris de valoraci\u00f3<\/strong><\/h3>\n\n\n\n<p>Les propostes s\u2019avaluaran:<\/p>\n\n\n\n<ul class=\"wp-block-list\">\n<li>Participaci\u00f3 del sector p\u00fablic, privat i la ciutadania.<\/li>\n\n\n\n<li>Inclusi\u00f3 d&#8217;organitzacions d&#8217;economia social.<\/li>\n\n\n\n<li>Perspectiva de g\u00e8nere en el projecte.<\/li>\n\n\n\n<li>Participaci\u00f3 juvenil.<\/li>\n\n\n\n<li>Treball en xarxa amb altres organitzacions.<\/li>\n\n\n\n<li>Inclusi\u00f3 social (migrants o persones en risc).<\/li>\n\n\n\n<li>Enfocament sostenible i cura de l&#8217;entorn.<\/li>\n\n\n\n<li>Impacte de la col\u00b7laboraci\u00f3 entre la Comunitat energ\u00e8tica i el GIT.<br><br><\/li>\n<\/ul>\n\n\n\n<hr class=\"wp-block-separator has-text-color has-blue-color has-alpha-channel-opacity has-blue-background-color has-background\"\/>\n\n\n\n<h3 class=\"wp-block-heading\"><strong>Dubtes?<\/strong><\/h3>\n\n\n\n<p>Per a m\u00e9s informaci\u00f3 contacta amb <strong>Aleksei Nogueira<\/strong> a <a href=\"mailto:anogueira@fiarebancaetica.coop\"><strong>anogueira@fiarebancaetica.coop<\/strong><\/a>.<\/p>\n\n\n<\/div>\n\n\n<div class=\"wp-block-buttons has-custom-font-size has-medium-font-size is-content-justification-center is-layout-flex wp-container-core-buttons-is-layout-16018d1d wp-block-buttons-is-layout-flex\">\n<div class=\"wp-block-button has-custom-width wp-block-button__width-50 has-custom-font-size\" style=\"font-size:23px\"><a class=\"wp-block-button__link has-white-color has-blue-background-color has-text-color has-background has-link-color wp-element-button\" href=\"https:\/\/www.fiarebancaetica.coop\/app\/uploads\/sites\/2\/2025\/01\/BASES-ComunidadesEnergeticas-1.pdf\" style=\"border-radius:29px\" target=\"_blank\" rel=\"noreferrer noopener\">DESCARREGA LES BASES COMPLETES<\/a><\/div>\n<\/div>\n\n\n\n<div style=\"height:39px\" aria-hidden=\"true\" class=\"wp-block-spacer\"><\/div>\n\n\n<div class=\"wp-block-image\">\n<figure class=\"aligncenter size-full is-resized\"><img loading=\"lazy\" decoding=\"async\" width=\"940\" height=\"788\" src=\"https:\/\/www.fiarebancaetica.coop\/app\/uploads\/sites\/2\/2024\/12\/Diseno-sin-titulo-1.jpg\" alt=\"\" class=\"wp-image-381427\" style=\"width:329px;height:auto\" srcset=\"https:\/\/www.fiarebancaetica.coop\/app\/uploads\/sites\/2\/2024\/12\/Diseno-sin-titulo-1.jpg 940w, https:\/\/www.fiarebancaetica.coop\/app\/uploads\/sites\/2\/2024\/12\/Diseno-sin-titulo-1-300x251.jpg 300w, https:\/\/www.fiarebancaetica.coop\/app\/uploads\/sites\/2\/2024\/12\/Diseno-sin-titulo-1-768x644.jpg 768w\" sizes=\"auto, (max-width: 940px) 100vw, 940px\" \/><\/figure>\n<\/div>\n\n\n<div style=\"height:41px\" aria-hidden=\"true\" class=\"wp-block-spacer\"><\/div>\n\n\n\n<div style=\"height:31px\" aria-hidden=\"true\" class=\"wp-block-spacer\"><\/div>\n\n\n\n<div class=\"wp-block-buttons is-content-justification-center is-layout-flex wp-container-core-buttons-is-layout-16018d1d wp-block-buttons-is-layout-flex\"><\/div>\n\n\n\n<div style=\"height:57px\" aria-hidden=\"true\" class=\"wp-block-spacer\"><\/div>\n\n\n\n<hr class=\"wp-block-separator has-alpha-channel-opacity\"\/>\n\n\n\n<div style=\"height:42px\" aria-hidden=\"true\" class=\"wp-block-spacer\"><\/div>\n","protected":false},"excerpt":{"rendered":"","protected":false},"author":6692,"featured_media":0,"parent":0,"menu_order":0,"comment_status":"closed","ping_status":"closed","template":"","meta":{"_acf_changed":false,"footnotes":""},"coauthors":[10744],"class_list":["post-381935","page","type-page","status-publish","hentry"],"acf":[],"yoast_head":"<!-- This site is optimized with the Yoast SEO plugin v26.9 - https:\/\/yoast.com\/product\/yoast-seo-wordpress\/ -->\n<title>- Fiare Banca Etica<\/title>\n<meta name=\"robots\" content=\"index, follow, max-snippet:-1, max-image-preview:large, max-video-preview:-1\" \/>\n<link rel=\"canonical\" href=\"https:\/\/www.fiarebancaetica.coop\/ca\/comunidats-energetiques\/\" \/>\n<meta property=\"og:locale\" content=\"ca_ES\" \/>\n<meta property=\"og:type\" content=\"article\" \/>\n<meta property=\"og:title\" content=\"- Fiare Banca Etica\" \/>\n<meta property=\"og:url\" content=\"https:\/\/www.fiarebancaetica.coop\/ca\/comunidats-energetiques\/\" \/>\n<meta property=\"og:site_name\" content=\"Fiare Banca Etica\" \/>\n<meta property=\"article:modified_time\" content=\"2025-01-16T10:48:30+00:00\" \/>\n<meta property=\"og:image\" content=\"https:\/\/www.fiarebancaetica.coop\/app\/uploads\/sites\/2\/2024\/12\/Diseno-sin-titulo-1.jpg\" \/>\n<meta name=\"twitter:card\" content=\"summary_large_image\" \/>\n<script type=\"application\/ld+json\" class=\"yoast-schema-graph\">{\"@context\":\"https:\/\/schema.org\",\"@graph\":[{\"@type\":\"WebPage\",\"@id\":\"https:\/\/www.fiarebancaetica.coop\/ca\/comunidats-energetiques\/\",\"url\":\"https:\/\/www.fiarebancaetica.coop\/ca\/comunidats-energetiques\/\",\"name\":\"- Fiare Banca Etica\",\"isPartOf\":{\"@id\":\"https:\/\/www.fiarebancaetica.coop\/ca\/#website\"},\"primaryImageOfPage\":{\"@id\":\"https:\/\/www.fiarebancaetica.coop\/ca\/comunidats-energetiques\/#primaryimage\"},\"image\":{\"@id\":\"https:\/\/www.fiarebancaetica.coop\/ca\/comunidats-energetiques\/#primaryimage\"},\"thumbnailUrl\":\"https:\/\/www.fiarebancaetica.coop\/app\/uploads\/sites\/2\/2024\/12\/Diseno-sin-titulo-1.jpg\",\"datePublished\":\"2024-12-12T10:20:49+00:00\",\"dateModified\":\"2025-01-16T10:48:30+00:00\",\"inLanguage\":\"ca\",\"potentialAction\":[{\"@type\":\"ReadAction\",\"target\":[\"https:\/\/www.fiarebancaetica.coop\/ca\/comunidats-energetiques\/\"]}]},{\"@type\":\"ImageObject\",\"inLanguage\":\"ca\",\"@id\":\"https:\/\/www.fiarebancaetica.coop\/ca\/comunidats-energetiques\/#primaryimage\",\"url\":\"https:\/\/www.fiarebancaetica.coop\/app\/uploads\/sites\/2\/2024\/12\/Diseno-sin-titulo-1.jpg\",\"contentUrl\":\"https:\/\/www.fiarebancaetica.coop\/app\/uploads\/sites\/2\/2024\/12\/Diseno-sin-titulo-1.jpg\"},{\"@type\":\"WebSite\",\"@id\":\"https:\/\/www.fiarebancaetica.coop\/ca\/#website\",\"url\":\"https:\/\/www.fiarebancaetica.coop\/ca\/\",\"name\":\"Fiare Banca Etica\",\"description\":\"\",\"potentialAction\":[{\"@type\":\"SearchAction\",\"target\":{\"@type\":\"EntryPoint\",\"urlTemplate\":\"https:\/\/www.fiarebancaetica.coop\/ca\/?s={search_term_string}\"},\"query-input\":{\"@type\":\"PropertyValueSpecification\",\"valueRequired\":true,\"valueName\":\"search_term_string\"}}],\"inLanguage\":\"ca\"}]}<\/script>\n<!-- \/ Yoast SEO plugin. -->","yoast_head_json":{"title":"- Fiare Banca Etica","robots":{"index":"index","follow":"follow","max-snippet":"max-snippet:-1","max-image-preview":"max-image-preview:large","max-video-preview":"max-video-preview:-1"},"canonical":"https:\/\/www.fiarebancaetica.coop\/ca\/comunidats-energetiques\/","og_locale":"ca_ES","og_type":"article","og_title":"- Fiare Banca Etica","og_url":"https:\/\/www.fiarebancaetica.coop\/ca\/comunidats-energetiques\/","og_site_name":"Fiare Banca Etica","article_modified_time":"2025-01-16T10:48:30+00:00","og_image":[{"url":"https:\/\/www.fiarebancaetica.coop\/app\/uploads\/sites\/2\/2024\/12\/Diseno-sin-titulo-1.jpg","type":"","width":"","height":""}],"twitter_card":"summary_large_image","schema":{"@context":"https:\/\/schema.org","@graph":[{"@type":"WebPage","@id":"https:\/\/www.fiarebancaetica.coop\/ca\/comunidats-energetiques\/","url":"https:\/\/www.fiarebancaetica.coop\/ca\/comunidats-energetiques\/","name":"- Fiare Banca Etica","isPartOf":{"@id":"https:\/\/www.fiarebancaetica.coop\/ca\/#website"},"primaryImageOfPage":{"@id":"https:\/\/www.fiarebancaetica.coop\/ca\/comunidats-energetiques\/#primaryimage"},"image":{"@id":"https:\/\/www.fiarebancaetica.coop\/ca\/comunidats-energetiques\/#primaryimage"},"thumbnailUrl":"https:\/\/www.fiarebancaetica.coop\/app\/uploads\/sites\/2\/2024\/12\/Diseno-sin-titulo-1.jpg","datePublished":"2024-12-12T10:20:49+00:00","dateModified":"2025-01-16T10:48:30+00:00","inLanguage":"ca","potentialAction":[{"@type":"ReadAction","target":["https:\/\/www.fiarebancaetica.coop\/ca\/comunidats-energetiques\/"]}]},{"@type":"ImageObject","inLanguage":"ca","@id":"https:\/\/www.fiarebancaetica.coop\/ca\/comunidats-energetiques\/#primaryimage","url":"https:\/\/www.fiarebancaetica.coop\/app\/uploads\/sites\/2\/2024\/12\/Diseno-sin-titulo-1.jpg","contentUrl":"https:\/\/www.fiarebancaetica.coop\/app\/uploads\/sites\/2\/2024\/12\/Diseno-sin-titulo-1.jpg"},{"@type":"WebSite","@id":"https:\/\/www.fiarebancaetica.coop\/ca\/#website","url":"https:\/\/www.fiarebancaetica.coop\/ca\/","name":"Fiare Banca Etica","description":"","potentialAction":[{"@type":"SearchAction","target":{"@type":"EntryPoint","urlTemplate":"https:\/\/www.fiarebancaetica.coop\/ca\/?s={search_term_string}"},"query-input":{"@type":"PropertyValueSpecification","valueRequired":true,"valueName":"search_term_string"}}],"inLanguage":"ca"}]}},"_links":{"self":[{"href":"https:\/\/www.fiarebancaetica.coop\/ca\/wp-json\/wp\/v2\/pages\/381935","targetHints":{"allow":["GET"]}}],"collection":[{"href":"https:\/\/www.fiarebancaetica.coop\/ca\/wp-json\/wp\/v2\/pages"}],"about":[{"href":"https:\/\/www.fiarebancaetica.coop\/ca\/wp-json\/wp\/v2\/types\/page"}],"author":[{"embeddable":true,"href":"https:\/\/www.fiarebancaetica.coop\/ca\/wp-json\/wp\/v2\/users\/6692"}],"replies":[{"embeddable":true,"href":"https:\/\/www.fiarebancaetica.coop\/ca\/wp-json\/wp\/v2\/comments?post=381935"}],"version-history":[{"count":11,"href":"https:\/\/www.fiarebancaetica.coop\/ca\/wp-json\/wp\/v2\/pages\/381935\/revisions"}],"predecessor-version":[{"id":382571,"href":"https:\/\/www.fiarebancaetica.coop\/ca\/wp-json\/wp\/v2\/pages\/381935\/revisions\/382571"}],"wp:attachment":[{"href":"https:\/\/www.fiarebancaetica.coop\/ca\/wp-json\/wp\/v2\/media?parent=381935"}],"wp:term":[{"taxonomy":"author","embeddable":true,"href":"https:\/\/www.fiarebancaetica.coop\/ca\/wp-json\/wp\/v2\/coauthors?post=381935"}],"curies":[{"name":"wp","href":"https:\/\/api.w.org\/{rel}","templated":true}]}}