{"version":"1.0","provider_name":"Fiare Banca Etica","provider_url":"https:\/\/www.fiarebancaetica.coop\/eu\/","author_name":"crispyadmin0","author_url":"https:\/\/www.fiarebancaetica.coop\/eu\/author\/crispyadmin0\/","title":"ACOGIDA E INTEGRACI\u00d3N DE MIGRANTES, ASAMBLEA 2018 - Fiare Banca Etica","type":"rich","width":600,"height":338,"html":"<blockquote class=\"wp-embedded-content\" data-secret=\"ky5ZI6UIuA\"><a href=\"https:\/\/www.fiarebancaetica.coop\/eu\/acogida-e-integracion-de-migrantes-asamblea-2018\/\">ACOGIDA E INTEGRACI\u00d3N DE MIGRANTES, ASAMBLEA 2018<\/a><\/blockquote><iframe sandbox=\"allow-scripts\" security=\"restricted\" src=\"https:\/\/www.fiarebancaetica.coop\/eu\/acogida-e-integracion-de-migrantes-asamblea-2018\/embed\/#?secret=ky5ZI6UIuA\" width=\"600\" height=\"338\" title=\"&#8220;ACOGIDA E INTEGRACI\u00d3N DE MIGRANTES, ASAMBLEA 2018&#8221; &#8212; Fiare Banca Etica\" data-secret=\"ky5ZI6UIuA\" frameborder=\"0\" marginwidth=\"0\" marginheight=\"0\" scrolling=\"no\" class=\"wp-embedded-content\"><\/iframe><script type=\"text\/javascript\">\n\/* <![CDATA[ *\/\n\/*! This file is auto-generated *\/\n!function(d,l){\"use strict\";l.querySelector&&d.addEventListener&&\"undefined\"!=typeof URL&&(d.wp=d.wp||{},d.wp.receiveEmbedMessage||(d.wp.receiveEmbedMessage=function(e){var t=e.data;if((t||t.secret||t.message||t.value)&&!\/[^a-zA-Z0-9]\/.test(t.secret)){for(var s,r,n,a=l.querySelectorAll('iframe[data-secret=\"'+t.secret+'\"]'),o=l.querySelectorAll('blockquote[data-secret=\"'+t.secret+'\"]'),c=new RegExp(\"^https?:$\",\"i\"),i=0;i<o.length;i++)o[i].style.display=\"none\";for(i=0;i<a.length;i++)s=a[i],e.source===s.contentWindow&&(s.removeAttribute(\"style\"),\"height\"===t.message?(1e3<(r=parseInt(t.value,10))?r=1e3:~~r<200&&(r=200),s.height=r):\"link\"===t.message&&(r=new URL(s.getAttribute(\"src\")),n=new URL(t.value),c.test(n.protocol))&&n.host===r.host&&l.activeElement===s&&(d.top.location.href=t.value))}},d.addEventListener(\"message\",d.wp.receiveEmbedMessage,!1),l.addEventListener(\"DOMContentLoaded\",function(){for(var e,t,s=l.querySelectorAll(\"iframe.wp-embedded-content\"),r=0;r<s.length;r++)(t=(e=s[r]).getAttribute(\"data-secret\"))||(t=Math.random().toString(36).substring(2,12),e.src+=\"#?secret=\"+t,e.setAttribute(\"data-secret\",t)),e.contentWindow.postMessage({message:\"ready\",secret:t},\"*\")},!1)))}(window,document);\n\/\/# sourceURL=https:\/\/www.fiarebancaetica.coop\/wp\/wp-includes\/js\/wp-embed.min.js\n\/* ]]> *\/\n<\/script>\n","thumbnail_url":"https:\/\/www.fiarebancaetica.coop\/app\/uploads\/sites\/2\/2023\/12\/acogida-integracion-de-migrantes-asamblea-2018.jpg","thumbnail_width":540,"thumbnail_height":189,"description":"El 12 de mayo tendr\u00e1 lugar simult\u00e1neamente en Lamezia Terme y en Granada, la Asamblea de socios y socias de Banca Etica. Dos localidades en las que diversas entidades con las que colabora el banco trabajan activamente en la acogida e integraci\u00f3n de inmigrantes. Banca Etica se ha declarado a favor de los derechos de las personas migrantes y refugiadas en m\u00e1s de una ocasi\u00f3n y, en l\u00ednea con este inter\u00e9s, ha decidido dedicar una atenci\u00f3n especial a este tema durante esta asamblea.&nbsp; El s\u00e1bado a las 17h tendr\u00e1 lugar una Mesa Redonda sobre migraci\u00f3n y personas refugiadas.&nbsp;"}