{"id":350236,"date":"2018-12-08T20:57:32","date_gmt":"2018-12-08T19:57:32","guid":{"rendered":"https:\/\/www.fiarebancaetica.coop\/evento\/i-feria-de-los-servicios-sociales-y-la-economia-social-en-extremadura\/"},"modified":"2024-02-21T10:46:51","modified_gmt":"2024-02-21T09:46:51","slug":"i-feria-de-los-servicios-sociales-y-la-economia-social-en-extremadura","status":"publish","type":"cbwpt_git_events","link":"https:\/\/www.fiarebancaetica.coop\/gl\/evento\/i-feria-de-los-servicios-sociales-y-la-economia-social-en-extremadura\/","title":{"rendered":"I Feria de los Servicios Sociales  y la Econom\u00eda Social en Extremadura"},"author":1,"featured_media":363342,"parent":0,"template":"","meta":{"_acf_changed":false},"git_tags":[11229],"coauthors":[2888],"class_list":["post-350236","cbwpt_git_events","type-cbwpt_git_events","status-publish","has-post-thumbnail","hentry"],"acf":[],"yoast_head":"<!-- This site is optimized with the Yoast SEO plugin v26.9 - https:\/\/yoast.com\/product\/yoast-seo-wordpress\/ -->\n<title>I Feria de los Servicios Sociales y la Econom\u00eda Social en Extremadura - Fiare Banca Etica<\/title>\n<meta name=\"robots\" content=\"index, follow, max-snippet:-1, max-image-preview:large, max-video-preview:-1\" \/>\n<link rel=\"canonical\" href=\"https:\/\/www.fiarebancaetica.coop\/gl\/evento\/i-feria-de-los-servicios-sociales-y-la-economia-social-en-extremadura\/\" \/>\n<meta property=\"og:locale\" content=\"gl_ES\" \/>\n<meta property=\"og:type\" content=\"article\" \/>\n<meta property=\"og:title\" content=\"I Feria de los Servicios Sociales y la Econom\u00eda Social en Extremadura - Fiare Banca Etica\" \/>\n<meta property=\"og:description\" content=\"Para resaltar el modelo empresarial de la Econom\u00eda Social y los Servicios Sociales en Extremadura, UCETA ha previsto la celebraci\u00f3n de este evento en M\u00e9rida con la pretensi\u00f3n de crear un foro de encuentro donde a trav\u00e9s de stands expositivos, charlas, mesas de debate, presentaci\u00f3n de proyectos o intercambios de experiencias, analizaremos el presente y [&hellip;]\" \/>\n<meta property=\"og:url\" content=\"https:\/\/www.fiarebancaetica.coop\/gl\/evento\/i-feria-de-los-servicios-sociales-y-la-economia-social-en-extremadura\/\" \/>\n<meta property=\"og:site_name\" content=\"Fiare Banca Etica\" \/>\n<meta property=\"article:modified_time\" content=\"2024-02-21T09:46:51+00:00\" \/>\n<meta property=\"og:image\" content=\"https:\/\/www.fiarebancaetica.coop\/app\/uploads\/sites\/2\/2024\/01\/cover-341.jpg\" \/>\n\t<meta property=\"og:image:width\" content=\"960\" \/>\n\t<meta property=\"og:image:height\" content=\"960\" \/>\n\t<meta property=\"og:image:type\" content=\"image\/png\" \/>\n<meta name=\"twitter:card\" content=\"summary_large_image\" \/>\n<script type=\"application\/ld+json\" class=\"yoast-schema-graph\">{\"@context\":\"https:\/\/schema.org\",\"@graph\":[{\"@type\":\"WebPage\",\"@id\":\"https:\/\/www.fiarebancaetica.coop\/gl\/evento\/i-feria-de-los-servicios-sociales-y-la-economia-social-en-extremadura\/\",\"url\":\"https:\/\/www.fiarebancaetica.coop\/gl\/evento\/i-feria-de-los-servicios-sociales-y-la-economia-social-en-extremadura\/\",\"name\":\"I Feria de los Servicios Sociales y la Econom\u00eda Social en Extremadura - Fiare Banca Etica\",\"isPartOf\":{\"@id\":\"https:\/\/www.fiarebancaetica.coop\/gl\/#website\"},\"primaryImageOfPage\":{\"@id\":\"https:\/\/www.fiarebancaetica.coop\/gl\/evento\/i-feria-de-los-servicios-sociales-y-la-economia-social-en-extremadura\/#primaryimage\"},\"image\":{\"@id\":\"https:\/\/www.fiarebancaetica.coop\/gl\/evento\/i-feria-de-los-servicios-sociales-y-la-economia-social-en-extremadura\/#primaryimage\"},\"thumbnailUrl\":\"https:\/\/www.fiarebancaetica.coop\/app\/uploads\/sites\/2\/2024\/01\/cover-341.jpg\",\"datePublished\":\"2018-12-08T19:57:32+00:00\",\"dateModified\":\"2024-02-21T09:46:51+00:00\",\"breadcrumb\":{\"@id\":\"https:\/\/www.fiarebancaetica.coop\/gl\/evento\/i-feria-de-los-servicios-sociales-y-la-economia-social-en-extremadura\/#breadcrumb\"},\"inLanguage\":\"gl-ES\",\"potentialAction\":[{\"@type\":\"ReadAction\",\"target\":[\"https:\/\/www.fiarebancaetica.coop\/gl\/evento\/i-feria-de-los-servicios-sociales-y-la-economia-social-en-extremadura\/\"]}]},{\"@type\":\"ImageObject\",\"inLanguage\":\"gl-ES\",\"@id\":\"https:\/\/www.fiarebancaetica.coop\/gl\/evento\/i-feria-de-los-servicios-sociales-y-la-economia-social-en-extremadura\/#primaryimage\",\"url\":\"https:\/\/www.fiarebancaetica.coop\/app\/uploads\/sites\/2\/2024\/01\/cover-341.jpg\",\"contentUrl\":\"https:\/\/www.fiarebancaetica.coop\/app\/uploads\/sites\/2\/2024\/01\/cover-341.jpg\",\"width\":960,\"height\":960},{\"@type\":\"BreadcrumbList\",\"@id\":\"https:\/\/www.fiarebancaetica.coop\/gl\/evento\/i-feria-de-los-servicios-sociales-y-la-economia-social-en-extremadura\/#breadcrumb\",\"itemListElement\":[{\"@type\":\"ListItem\",\"position\":1,\"name\":\"Home\",\"item\":\"https:\/\/www.fiarebancaetica.coop\/gl\/\"},{\"@type\":\"ListItem\",\"position\":2,\"name\":\"I Feria de los Servicios Sociales y la Econom\u00eda Social en Extremadura\"}]},{\"@type\":\"WebSite\",\"@id\":\"https:\/\/www.fiarebancaetica.coop\/gl\/#website\",\"url\":\"https:\/\/www.fiarebancaetica.coop\/gl\/\",\"name\":\"Fiare Banca Etica\",\"description\":\"\",\"potentialAction\":[{\"@type\":\"SearchAction\",\"target\":{\"@type\":\"EntryPoint\",\"urlTemplate\":\"https:\/\/www.fiarebancaetica.coop\/gl\/?s={search_term_string}\"},\"query-input\":{\"@type\":\"PropertyValueSpecification\",\"valueRequired\":true,\"valueName\":\"search_term_string\"}}],\"inLanguage\":\"gl-ES\"}]}<\/script>\n<!-- \/ Yoast SEO plugin. -->","yoast_head_json":{"title":"I Feria de los Servicios Sociales y la Econom\u00eda Social en Extremadura - Fiare Banca Etica","robots":{"index":"index","follow":"follow","max-snippet":"max-snippet:-1","max-image-preview":"max-image-preview:large","max-video-preview":"max-video-preview:-1"},"canonical":"https:\/\/www.fiarebancaetica.coop\/gl\/evento\/i-feria-de-los-servicios-sociales-y-la-economia-social-en-extremadura\/","og_locale":"gl_ES","og_type":"article","og_title":"I Feria de los Servicios Sociales y la Econom\u00eda Social en Extremadura - Fiare Banca Etica","og_description":"Para resaltar el modelo empresarial de la Econom\u00eda Social y los Servicios Sociales en Extremadura, UCETA ha previsto la celebraci\u00f3n de este evento en M\u00e9rida con la pretensi\u00f3n de crear un foro de encuentro donde a trav\u00e9s de stands expositivos, charlas, mesas de debate, presentaci\u00f3n de proyectos o intercambios de experiencias, analizaremos el presente y [&hellip;]","og_url":"https:\/\/www.fiarebancaetica.coop\/gl\/evento\/i-feria-de-los-servicios-sociales-y-la-economia-social-en-extremadura\/","og_site_name":"Fiare Banca Etica","article_modified_time":"2024-02-21T09:46:51+00:00","og_image":[{"width":960,"height":960,"url":"https:\/\/www.fiarebancaetica.coop\/app\/uploads\/sites\/2\/2024\/01\/cover-341.jpg","type":"image\/png"}],"twitter_card":"summary_large_image","schema":{"@context":"https:\/\/schema.org","@graph":[{"@type":"WebPage","@id":"https:\/\/www.fiarebancaetica.coop\/gl\/evento\/i-feria-de-los-servicios-sociales-y-la-economia-social-en-extremadura\/","url":"https:\/\/www.fiarebancaetica.coop\/gl\/evento\/i-feria-de-los-servicios-sociales-y-la-economia-social-en-extremadura\/","name":"I Feria de los Servicios Sociales y la Econom\u00eda Social en Extremadura - Fiare Banca Etica","isPartOf":{"@id":"https:\/\/www.fiarebancaetica.coop\/gl\/#website"},"primaryImageOfPage":{"@id":"https:\/\/www.fiarebancaetica.coop\/gl\/evento\/i-feria-de-los-servicios-sociales-y-la-economia-social-en-extremadura\/#primaryimage"},"image":{"@id":"https:\/\/www.fiarebancaetica.coop\/gl\/evento\/i-feria-de-los-servicios-sociales-y-la-economia-social-en-extremadura\/#primaryimage"},"thumbnailUrl":"https:\/\/www.fiarebancaetica.coop\/app\/uploads\/sites\/2\/2024\/01\/cover-341.jpg","datePublished":"2018-12-08T19:57:32+00:00","dateModified":"2024-02-21T09:46:51+00:00","breadcrumb":{"@id":"https:\/\/www.fiarebancaetica.coop\/gl\/evento\/i-feria-de-los-servicios-sociales-y-la-economia-social-en-extremadura\/#breadcrumb"},"inLanguage":"gl-ES","potentialAction":[{"@type":"ReadAction","target":["https:\/\/www.fiarebancaetica.coop\/gl\/evento\/i-feria-de-los-servicios-sociales-y-la-economia-social-en-extremadura\/"]}]},{"@type":"ImageObject","inLanguage":"gl-ES","@id":"https:\/\/www.fiarebancaetica.coop\/gl\/evento\/i-feria-de-los-servicios-sociales-y-la-economia-social-en-extremadura\/#primaryimage","url":"https:\/\/www.fiarebancaetica.coop\/app\/uploads\/sites\/2\/2024\/01\/cover-341.jpg","contentUrl":"https:\/\/www.fiarebancaetica.coop\/app\/uploads\/sites\/2\/2024\/01\/cover-341.jpg","width":960,"height":960},{"@type":"BreadcrumbList","@id":"https:\/\/www.fiarebancaetica.coop\/gl\/evento\/i-feria-de-los-servicios-sociales-y-la-economia-social-en-extremadura\/#breadcrumb","itemListElement":[{"@type":"ListItem","position":1,"name":"Home","item":"https:\/\/www.fiarebancaetica.coop\/gl\/"},{"@type":"ListItem","position":2,"name":"I Feria de los Servicios Sociales y la Econom\u00eda Social en Extremadura"}]},{"@type":"WebSite","@id":"https:\/\/www.fiarebancaetica.coop\/gl\/#website","url":"https:\/\/www.fiarebancaetica.coop\/gl\/","name":"Fiare Banca Etica","description":"","potentialAction":[{"@type":"SearchAction","target":{"@type":"EntryPoint","urlTemplate":"https:\/\/www.fiarebancaetica.coop\/gl\/?s={search_term_string}"},"query-input":{"@type":"PropertyValueSpecification","valueRequired":true,"valueName":"search_term_string"}}],"inLanguage":"gl-ES"}]}},"_links":{"self":[{"href":"https:\/\/www.fiarebancaetica.coop\/gl\/wp-json\/wp\/v2\/cbwpt_git_events\/350236","targetHints":{"allow":["GET"]}}],"collection":[{"href":"https:\/\/www.fiarebancaetica.coop\/gl\/wp-json\/wp\/v2\/cbwpt_git_events"}],"about":[{"href":"https:\/\/www.fiarebancaetica.coop\/gl\/wp-json\/wp\/v2\/types\/cbwpt_git_events"}],"author":[{"embeddable":true,"href":"https:\/\/www.fiarebancaetica.coop\/gl\/wp-json\/wp\/v2\/users\/1"}],"version-history":[{"count":1,"href":"https:\/\/www.fiarebancaetica.coop\/gl\/wp-json\/wp\/v2\/cbwpt_git_events\/350236\/revisions"}],"predecessor-version":[{"id":350240,"href":"https:\/\/www.fiarebancaetica.coop\/gl\/wp-json\/wp\/v2\/cbwpt_git_events\/350236\/revisions\/350240"}],"wp:featuredmedia":[{"embeddable":true,"href":"https:\/\/www.fiarebancaetica.coop\/gl\/wp-json\/wp\/v2\/media\/363342"}],"wp:attachment":[{"href":"https:\/\/www.fiarebancaetica.coop\/gl\/wp-json\/wp\/v2\/media?parent=350236"}],"wp:term":[{"taxonomy":"cbwpt_tags","embeddable":true,"href":"https:\/\/www.fiarebancaetica.coop\/gl\/wp-json\/wp\/v2\/git_tags?post=350236"},{"taxonomy":"author","embeddable":true,"href":"https:\/\/www.fiarebancaetica.coop\/gl\/wp-json\/wp\/v2\/coauthors?post=350236"}],"curies":[{"name":"wp","href":"https:\/\/api.w.org\/{rel}","templated":true}]}}