{"id":350271,"date":"2018-11-13T07:36:54","date_gmt":"2018-11-13T06:36:54","guid":{"rendered":"https:\/\/www.fiarebancaetica.coop\/evento\/charla-ekosolfem-ponente-cristina-de-la-cruz-ayuso\/"},"modified":"2024-02-21T10:48:55","modified_gmt":"2024-02-21T09:48:55","slug":"charla-ekosolfem-ponente-cristina-de-la-cruz-ayuso","status":"publish","type":"cbwpt_git_events","link":"https:\/\/www.fiarebancaetica.coop\/gl\/evento\/charla-ekosolfem-ponente-cristina-de-la-cruz-ayuso\/","title":{"rendered":"Charla ekoSolFem.    Ponente Cristina de la Cruz Ayuso."},"author":1,"featured_media":0,"parent":0,"template":"","meta":{"_acf_changed":false},"git_tags":[11228],"coauthors":[2888],"class_list":["post-350271","cbwpt_git_events","type-cbwpt_git_events","status-publish","hentry"],"acf":[],"yoast_head":"<!-- This site is optimized with the Yoast SEO plugin v26.9 - https:\/\/yoast.com\/product\/yoast-seo-wordpress\/ -->\n<title>Charla ekoSolFem.  Ponente Cristina de la Cruz Ayuso. - Fiare Banca Etica<\/title>\n<meta name=\"robots\" content=\"index, follow, max-snippet:-1, max-image-preview:large, max-video-preview:-1\" \/>\n<link rel=\"canonical\" href=\"https:\/\/www.fiarebancaetica.coop\/gl\/evento\/charla-ekosolfem-ponente-cristina-de-la-cruz-ayuso\/\" \/>\n<meta property=\"og:locale\" content=\"gl_ES\" \/>\n<meta property=\"og:type\" content=\"article\" \/>\n<meta property=\"og:title\" content=\"Charla ekoSolFem.  Ponente Cristina de la Cruz Ayuso. - Fiare Banca Etica\" \/>\n<meta property=\"og:description\" content=\"EkoSolFem ( Econom\u00eda Solidaria y Feminista) es un grupo de trabajo de REAS Euskadi \u2013 Red de Econom\u00eda Alternativa y Solidaria- que nace con el doble objetivo de construir nuevas aportaciones te\u00f3ricas que refuercen la ESS desde las propuestas de las econom\u00edas feministas, as\u00ed como fortalecer las pr\u00e1cticas de las organizaciones y entidades de REAS [&hellip;]\" \/>\n<meta property=\"og:url\" content=\"https:\/\/www.fiarebancaetica.coop\/gl\/evento\/charla-ekosolfem-ponente-cristina-de-la-cruz-ayuso\/\" \/>\n<meta property=\"og:site_name\" content=\"Fiare Banca Etica\" \/>\n<meta property=\"article:modified_time\" content=\"2024-02-21T09:48:55+00:00\" \/>\n<meta name=\"twitter:card\" content=\"summary_large_image\" \/>\n<script type=\"application\/ld+json\" class=\"yoast-schema-graph\">{\"@context\":\"https:\/\/schema.org\",\"@graph\":[{\"@type\":\"WebPage\",\"@id\":\"https:\/\/www.fiarebancaetica.coop\/gl\/evento\/charla-ekosolfem-ponente-cristina-de-la-cruz-ayuso\/\",\"url\":\"https:\/\/www.fiarebancaetica.coop\/gl\/evento\/charla-ekosolfem-ponente-cristina-de-la-cruz-ayuso\/\",\"name\":\"Charla ekoSolFem. Ponente Cristina de la Cruz Ayuso. - Fiare Banca Etica\",\"isPartOf\":{\"@id\":\"https:\/\/www.fiarebancaetica.coop\/gl\/#website\"},\"datePublished\":\"2018-11-13T06:36:54+00:00\",\"dateModified\":\"2024-02-21T09:48:55+00:00\",\"breadcrumb\":{\"@id\":\"https:\/\/www.fiarebancaetica.coop\/gl\/evento\/charla-ekosolfem-ponente-cristina-de-la-cruz-ayuso\/#breadcrumb\"},\"inLanguage\":\"gl-ES\",\"potentialAction\":[{\"@type\":\"ReadAction\",\"target\":[\"https:\/\/www.fiarebancaetica.coop\/gl\/evento\/charla-ekosolfem-ponente-cristina-de-la-cruz-ayuso\/\"]}]},{\"@type\":\"BreadcrumbList\",\"@id\":\"https:\/\/www.fiarebancaetica.coop\/gl\/evento\/charla-ekosolfem-ponente-cristina-de-la-cruz-ayuso\/#breadcrumb\",\"itemListElement\":[{\"@type\":\"ListItem\",\"position\":1,\"name\":\"Home\",\"item\":\"https:\/\/www.fiarebancaetica.coop\/gl\/\"},{\"@type\":\"ListItem\",\"position\":2,\"name\":\"Charla ekoSolFem. Ponente Cristina de la Cruz Ayuso.\"}]},{\"@type\":\"WebSite\",\"@id\":\"https:\/\/www.fiarebancaetica.coop\/gl\/#website\",\"url\":\"https:\/\/www.fiarebancaetica.coop\/gl\/\",\"name\":\"Fiare Banca Etica\",\"description\":\"\",\"potentialAction\":[{\"@type\":\"SearchAction\",\"target\":{\"@type\":\"EntryPoint\",\"urlTemplate\":\"https:\/\/www.fiarebancaetica.coop\/gl\/?s={search_term_string}\"},\"query-input\":{\"@type\":\"PropertyValueSpecification\",\"valueRequired\":true,\"valueName\":\"search_term_string\"}}],\"inLanguage\":\"gl-ES\"}]}<\/script>\n<!-- \/ Yoast SEO plugin. -->","yoast_head_json":{"title":"Charla ekoSolFem.  Ponente Cristina de la Cruz Ayuso. - Fiare Banca Etica","robots":{"index":"index","follow":"follow","max-snippet":"max-snippet:-1","max-image-preview":"max-image-preview:large","max-video-preview":"max-video-preview:-1"},"canonical":"https:\/\/www.fiarebancaetica.coop\/gl\/evento\/charla-ekosolfem-ponente-cristina-de-la-cruz-ayuso\/","og_locale":"gl_ES","og_type":"article","og_title":"Charla ekoSolFem.  Ponente Cristina de la Cruz Ayuso. - Fiare Banca Etica","og_description":"EkoSolFem ( Econom\u00eda Solidaria y Feminista) es un grupo de trabajo de REAS Euskadi \u2013 Red de Econom\u00eda Alternativa y Solidaria- que nace con el doble objetivo de construir nuevas aportaciones te\u00f3ricas que refuercen la ESS desde las propuestas de las econom\u00edas feministas, as\u00ed como fortalecer las pr\u00e1cticas de las organizaciones y entidades de REAS [&hellip;]","og_url":"https:\/\/www.fiarebancaetica.coop\/gl\/evento\/charla-ekosolfem-ponente-cristina-de-la-cruz-ayuso\/","og_site_name":"Fiare Banca Etica","article_modified_time":"2024-02-21T09:48:55+00:00","twitter_card":"summary_large_image","schema":{"@context":"https:\/\/schema.org","@graph":[{"@type":"WebPage","@id":"https:\/\/www.fiarebancaetica.coop\/gl\/evento\/charla-ekosolfem-ponente-cristina-de-la-cruz-ayuso\/","url":"https:\/\/www.fiarebancaetica.coop\/gl\/evento\/charla-ekosolfem-ponente-cristina-de-la-cruz-ayuso\/","name":"Charla ekoSolFem. Ponente Cristina de la Cruz Ayuso. - Fiare Banca Etica","isPartOf":{"@id":"https:\/\/www.fiarebancaetica.coop\/gl\/#website"},"datePublished":"2018-11-13T06:36:54+00:00","dateModified":"2024-02-21T09:48:55+00:00","breadcrumb":{"@id":"https:\/\/www.fiarebancaetica.coop\/gl\/evento\/charla-ekosolfem-ponente-cristina-de-la-cruz-ayuso\/#breadcrumb"},"inLanguage":"gl-ES","potentialAction":[{"@type":"ReadAction","target":["https:\/\/www.fiarebancaetica.coop\/gl\/evento\/charla-ekosolfem-ponente-cristina-de-la-cruz-ayuso\/"]}]},{"@type":"BreadcrumbList","@id":"https:\/\/www.fiarebancaetica.coop\/gl\/evento\/charla-ekosolfem-ponente-cristina-de-la-cruz-ayuso\/#breadcrumb","itemListElement":[{"@type":"ListItem","position":1,"name":"Home","item":"https:\/\/www.fiarebancaetica.coop\/gl\/"},{"@type":"ListItem","position":2,"name":"Charla ekoSolFem. Ponente Cristina de la Cruz Ayuso."}]},{"@type":"WebSite","@id":"https:\/\/www.fiarebancaetica.coop\/gl\/#website","url":"https:\/\/www.fiarebancaetica.coop\/gl\/","name":"Fiare Banca Etica","description":"","potentialAction":[{"@type":"SearchAction","target":{"@type":"EntryPoint","urlTemplate":"https:\/\/www.fiarebancaetica.coop\/gl\/?s={search_term_string}"},"query-input":{"@type":"PropertyValueSpecification","valueRequired":true,"valueName":"search_term_string"}}],"inLanguage":"gl-ES"}]}},"_links":{"self":[{"href":"https:\/\/www.fiarebancaetica.coop\/gl\/wp-json\/wp\/v2\/cbwpt_git_events\/350271","targetHints":{"allow":["GET"]}}],"collection":[{"href":"https:\/\/www.fiarebancaetica.coop\/gl\/wp-json\/wp\/v2\/cbwpt_git_events"}],"about":[{"href":"https:\/\/www.fiarebancaetica.coop\/gl\/wp-json\/wp\/v2\/types\/cbwpt_git_events"}],"author":[{"embeddable":true,"href":"https:\/\/www.fiarebancaetica.coop\/gl\/wp-json\/wp\/v2\/users\/1"}],"version-history":[{"count":1,"href":"https:\/\/www.fiarebancaetica.coop\/gl\/wp-json\/wp\/v2\/cbwpt_git_events\/350271\/revisions"}],"predecessor-version":[{"id":350272,"href":"https:\/\/www.fiarebancaetica.coop\/gl\/wp-json\/wp\/v2\/cbwpt_git_events\/350271\/revisions\/350272"}],"wp:attachment":[{"href":"https:\/\/www.fiarebancaetica.coop\/gl\/wp-json\/wp\/v2\/media?parent=350271"}],"wp:term":[{"taxonomy":"cbwpt_tags","embeddable":true,"href":"https:\/\/www.fiarebancaetica.coop\/gl\/wp-json\/wp\/v2\/git_tags?post=350271"},{"taxonomy":"author","embeddable":true,"href":"https:\/\/www.fiarebancaetica.coop\/gl\/wp-json\/wp\/v2\/coauthors?post=350271"}],"curies":[{"name":"wp","href":"https:\/\/api.w.org\/{rel}","templated":true}]}}