{"id":381936,"date":"2024-12-12T11:20:49","date_gmt":"2024-12-12T10:20:49","guid":{"rendered":"https:\/\/www.fiarebancaetica.coop\/crowdfunding-comunidades-energeticas\/"},"modified":"2025-01-16T11:52:07","modified_gmt":"2025-01-16T10:52:07","slug":"comunidades-energeticas","status":"publish","type":"page","link":"https:\/\/www.fiarebancaetica.coop\/gl\/comunidades-energeticas\/","title":{"rendered":""},"content":{"rendered":"\n\n<div class=\"wp-block-bancaetica-blocks-blocks-block-49\">\n    <div class=\"container-block-49\">\n\n        <div class=\"header-section \">\n                                            <\/div>\n\n        \n        <div class=\"block-background\" style=\"background-image: url('https:\/\/www.fiarebancaetica.coop\/app\/uploads\/sites\/2\/2024\/12\/apadrina-una-comunidad-955-x-229-px-1.jpg')\">\n                            <div class=\"tile\">\n                    <h1 class=\"image-title\"> Achegamos enerx\u00eda \u00e1 t\u00faa comunidad <\/h1>\n                <\/div>             <!-- end .tile -->\n            <div class=\"bottom-content\">\n                                    <div class=\"group\">\n                                                    <div class=\"rows\">\n                                                                                            <\/div> <!-- end .rows -->\n                                            <\/div> <!-- end .group -->\n                            <\/div> <!-- end .button-content -->\n        <\/div> <!-- end .block-background -->\n    <\/div> <!-- end .container -->\n<\/div> <!-- end wp-block-bancaetica-blocks-blocks-block-06 -->\n\n\n<h1 class=\"wp-block-heading has-text-align-center\" style=\"font-size:74px\"><\/h1>\n\n\n\n<div style=\"height:42px\" aria-hidden=\"true\" class=\"wp-block-spacer\"><\/div>\n\n\n\n<div class=\"wrapper-crispybacon-class wrapper-crispybacon-class-medium \">\n    \n\n<p>Esta convocatoria ten como obxectivo apoiar o desenvolvemento e a consolidaci\u00f3n de <strong>comunidades enerx\u00e9ticas<\/strong> nos territorios das persoas socias de <strong>Fiare Banca Etica <\/strong>e fortalecer a colaboraci\u00f3n mutua, contribu\u00edndo \u00e1 transici\u00f3n enerx\u00e9tica xusta e \u00e1 loita contra o cambio clim\u00e1tico.<\/p>\n\n\n\n<div style=\"height:25px\" aria-hidden=\"true\" class=\"wp-block-spacer\"><\/div>\n\n\n\n<hr class=\"wp-block-separator has-text-color has-blue-color has-alpha-channel-opacity has-blue-background-color has-background is-style-wide\"\/>\n\n\n\n<h3 class=\"wp-block-heading\"><strong>Obxectivo da convocatoria<\/strong><\/h3>\n\n\n\n<p>Fomentar a colaboraci\u00f3n entre os socios de Fiare Banca Etica e as comunidades enerx\u00e9ticas pr\u00f3ximas, promovendo unha xesti\u00f3n da enerx\u00eda m\u00e1is sustentable.<\/p>\n\n\n\n<div style=\"height:25px\" aria-hidden=\"true\" class=\"wp-block-spacer\"><\/div>\n\n\n\n<hr class=\"wp-block-separator has-text-color has-blue-color has-alpha-channel-opacity has-blue-background-color has-background is-style-wide\"\/>\n\n\n\n<h3 class=\"wp-block-heading\"><strong><strong>Apoio econ\u00f3mico<\/strong> <\/strong><\/h3>\n\n\n\n<p>As comunidades enerx\u00e9ticas seleccionadas recibir\u00e1n unha axuda econ\u00f3mica a fondo perdido de entre <strong>500 e 3000&nbsp;euros<\/strong> segundo as s\u00faas necesidades e proxectos. O orzamento total dispo\u00f1ible \u00e9 de <strong>14&nbsp;000&nbsp;euros<\/strong>.<\/p>\n\n\n\n<p>Ademais, poder\u00e1n acceder a outros recursos, como:<\/p>\n\n\n\n<ul class=\"wp-block-list\">\n<li><strong>Programa <\/strong><a href=\"https:\/\/lacolmena.finanzaseticas.net\/\"><u><strong>La Colmena<\/strong><\/u><\/a><strong>:<\/strong> apoio t\u00e9cnico e posibilidade de recibir achega de capital.<\/li>\n\n\n\n<li><strong>Programa Acci\u00f3ns para mocidade:<\/strong> para persoas socias mozas que participen na comunidade.<br><br><\/li>\n<\/ul>\n\n\n\n<hr class=\"wp-block-separator has-text-color has-blue-color has-alpha-channel-opacity has-blue-background-color has-background\"\/>\n\n\n\n<h3 class=\"wp-block-heading\"><strong>Como participar?<\/strong><\/h3>\n\n\n\n<ol class=\"wp-block-list\">\n<li><strong>Presentaci\u00f3n de solicitudes:<\/strong><br>As comunidades interesadas deben enviar un correo a <strong><a href=\"mailto:anogueira@fiarebancaetica.coop\" target=\"_blank\" rel=\"noreferrer noopener\">anogueira@fiarebancaetica.coop<\/a><\/strong> ou <strong><a href=\"mailto:agasch@fiarebancaetica.coop\" target=\"_blank\" rel=\"noreferrer noopener\">agasch@fiarebancaetica.coop<\/a><\/strong> co<a href=\"https:\/\/www.fiarebancaetica.coop\/app\/uploads\/sites\/2\/2025\/01\/anexo-I-comunidades-energeticas.docx.pdf\"> <strong>anexo\u00a0I<\/strong> <\/a>cuberto antes do <strong>31 de xaneiro de 2025<\/strong>.<\/li>\n\n\n\n<li><strong>Selecci\u00f3n de proxectos:<\/strong><br>Os grupos territoriais de Fiare (GIT) seleccionar\u00e1n unha ou varias comunidades e presentaranlle unha proposta conxunta \u00e1 comisi\u00f3n avaliadora.<\/li>\n\n\n\n<li><strong>Resultados:<\/strong> As solicitudes resolveranse antes do 20 de marzo de 2025<\/li>\n<\/ol>\n\n\n\n<hr class=\"wp-block-separator has-text-color has-blue-color has-alpha-channel-opacity has-blue-background-color has-background\"\/>\n\n\n\n<h3 class=\"wp-block-heading\"><strong><strong>Calendario da convocatoria<\/strong><\/strong><\/h3>\n\n\n\n<ul class=\"wp-block-list\">\n<li><strong>Inicio:<\/strong> 7 de xaneiro de 2025<\/li>\n\n\n\n<li><strong>Peche de solicitudes:<\/strong> 10 de febreiro de 2025<\/li>\n\n\n\n<li><strong>Avaliaci\u00f3n e selecci\u00f3n:<\/strong> at\u00e9 o 20 de marzo de 2025<\/li>\n\n\n\n<li><strong>Inicio dos proxectos seleccionados:<\/strong> 1 de abril de 2025<\/li>\n<\/ul>\n\n\n\n<div style=\"height:28px\" aria-hidden=\"true\" class=\"wp-block-spacer\"><\/div>\n\n\n\n<hr class=\"wp-block-separator has-text-color has-blue-color has-alpha-channel-opacity has-blue-background-color has-background\"\/>\n\n\n\n<h3 class=\"wp-block-heading\"><strong>Criterios de valoraci\u00f3n<\/strong><\/h3>\n\n\n\n<p>As propostas avaliaranse segundo:<\/p>\n\n\n\n<ul class=\"wp-block-list\">\n<li>Participaci\u00f3n do sector p\u00fablico, o sector privado e a cidadan\u00eda.<\/li>\n\n\n\n<li>Inclusi\u00f3n de organizaci\u00f3ns de econom\u00eda social.<\/li>\n\n\n\n<li>Perspectiva de x\u00e9nero no proxecto.<\/li>\n\n\n\n<li>Participaci\u00f3n de mocidade.<\/li>\n\n\n\n<li>Traballo en rede con outras organizaci\u00f3ns<\/li>\n\n\n\n<li>Inclusi\u00f3n social (migrantes ou persoas en risco).<\/li>\n\n\n\n<li>Enfoque sustentable e coidado da contorna.<\/li>\n\n\n\n<li>Impacto da colaboraci\u00f3n entre a comunidade enerx\u00e9tica e o GIT.<br><\/li>\n<\/ul>\n\n\n\n<hr class=\"wp-block-separator has-text-color has-blue-color has-alpha-channel-opacity has-blue-background-color has-background\"\/>\n\n\n\n<h3 class=\"wp-block-heading\"><strong>D\u00fabidas?<\/strong><\/h3>\n\n\n\n<p>Para m\u00e1is informaci\u00f3n, ponte en contacto con <strong>Aleksei Nogueira<\/strong> en <a href=\"mailto:anogueira@fiarebancaetica.coop\" target=\"_blank\" rel=\"noreferrer noopener\"><u><strong>anogueira@fiarebancaetica.coop<\/strong><\/u><\/a>.<\/p>\n\n\n<\/div>\n\n\n<div class=\"wp-block-buttons has-custom-font-size has-medium-font-size is-content-justification-center is-layout-flex wp-container-core-buttons-is-layout-16018d1d wp-block-buttons-is-layout-flex\">\n<div class=\"wp-block-button has-custom-width wp-block-button__width-50 has-custom-font-size\" style=\"font-size:23px\"><a class=\"wp-block-button__link has-white-color has-blue-background-color has-text-color has-background has-link-color wp-element-button\" href=\"https:\/\/www.fiarebancaetica.coop\/app\/uploads\/sites\/2\/2025\/01\/BASES-ComunidadesEnergeticas-1.pdf\" style=\"border-radius:29px\" target=\"_blank\" rel=\"noreferrer noopener\"><mark style=\"background-color:rgba(0, 0, 0, 0)\" class=\"has-inline-color has-white-color\">DESCARGA AS BASES COMPLETAS<\/mark><\/a><\/div>\n<\/div>\n\n\n\n<div style=\"height:39px\" aria-hidden=\"true\" class=\"wp-block-spacer\"><\/div>\n\n\n<div class=\"wp-block-image\">\n<figure class=\"aligncenter size-full is-resized\"><img loading=\"lazy\" decoding=\"async\" width=\"940\" height=\"788\" src=\"https:\/\/www.fiarebancaetica.coop\/app\/uploads\/sites\/2\/2024\/12\/Diseno-sin-titulo-1.jpg\" alt=\"\" class=\"wp-image-381427\" style=\"width:329px;height:auto\" srcset=\"https:\/\/www.fiarebancaetica.coop\/app\/uploads\/sites\/2\/2024\/12\/Diseno-sin-titulo-1.jpg 940w, https:\/\/www.fiarebancaetica.coop\/app\/uploads\/sites\/2\/2024\/12\/Diseno-sin-titulo-1-300x251.jpg 300w, https:\/\/www.fiarebancaetica.coop\/app\/uploads\/sites\/2\/2024\/12\/Diseno-sin-titulo-1-768x644.jpg 768w\" sizes=\"auto, (max-width: 940px) 100vw, 940px\" \/><\/figure>\n<\/div>\n\n\n<div style=\"height:41px\" aria-hidden=\"true\" class=\"wp-block-spacer\"><\/div>\n\n\n\n<div style=\"height:31px\" aria-hidden=\"true\" class=\"wp-block-spacer\"><\/div>\n\n\n\n<div class=\"wp-block-buttons is-content-justification-center is-layout-flex wp-container-core-buttons-is-layout-16018d1d wp-block-buttons-is-layout-flex\"><\/div>\n\n\n\n<div style=\"height:57px\" aria-hidden=\"true\" class=\"wp-block-spacer\"><\/div>\n\n\n\n<hr class=\"wp-block-separator has-alpha-channel-opacity\"\/>\n\n\n\n<div style=\"height:42px\" aria-hidden=\"true\" class=\"wp-block-spacer\"><\/div>\n","protected":false},"excerpt":{"rendered":"","protected":false},"author":6692,"featured_media":0,"parent":0,"menu_order":0,"comment_status":"closed","ping_status":"closed","template":"","meta":{"_acf_changed":false,"footnotes":""},"coauthors":[10744],"class_list":["post-381936","page","type-page","status-publish","hentry"],"acf":[],"yoast_head":"<!-- This site is optimized with the Yoast SEO plugin v26.9 - https:\/\/yoast.com\/product\/yoast-seo-wordpress\/ -->\n<title>- Fiare Banca Etica<\/title>\n<meta name=\"robots\" content=\"index, follow, max-snippet:-1, max-image-preview:large, max-video-preview:-1\" \/>\n<link rel=\"canonical\" href=\"https:\/\/www.fiarebancaetica.coop\/gl\/comunidades-energeticas\/\" \/>\n<meta property=\"og:locale\" content=\"gl_ES\" \/>\n<meta property=\"og:type\" content=\"article\" \/>\n<meta property=\"og:title\" content=\"- Fiare Banca Etica\" \/>\n<meta property=\"og:url\" content=\"https:\/\/www.fiarebancaetica.coop\/gl\/comunidades-energeticas\/\" \/>\n<meta property=\"og:site_name\" content=\"Fiare Banca Etica\" \/>\n<meta property=\"article:modified_time\" content=\"2025-01-16T10:52:07+00:00\" \/>\n<meta property=\"og:image\" content=\"https:\/\/www.fiarebancaetica.coop\/app\/uploads\/sites\/2\/2024\/12\/Diseno-sin-titulo-1.jpg\" \/>\n<meta name=\"twitter:card\" content=\"summary_large_image\" \/>\n<script type=\"application\/ld+json\" class=\"yoast-schema-graph\">{\"@context\":\"https:\/\/schema.org\",\"@graph\":[{\"@type\":\"WebPage\",\"@id\":\"https:\/\/www.fiarebancaetica.coop\/gl\/comunidades-energeticas\/\",\"url\":\"https:\/\/www.fiarebancaetica.coop\/gl\/comunidades-energeticas\/\",\"name\":\"- Fiare Banca Etica\",\"isPartOf\":{\"@id\":\"https:\/\/www.fiarebancaetica.coop\/gl\/#website\"},\"primaryImageOfPage\":{\"@id\":\"https:\/\/www.fiarebancaetica.coop\/gl\/comunidades-energeticas\/#primaryimage\"},\"image\":{\"@id\":\"https:\/\/www.fiarebancaetica.coop\/gl\/comunidades-energeticas\/#primaryimage\"},\"thumbnailUrl\":\"https:\/\/www.fiarebancaetica.coop\/app\/uploads\/sites\/2\/2024\/12\/Diseno-sin-titulo-1.jpg\",\"datePublished\":\"2024-12-12T10:20:49+00:00\",\"dateModified\":\"2025-01-16T10:52:07+00:00\",\"inLanguage\":\"gl-ES\",\"potentialAction\":[{\"@type\":\"ReadAction\",\"target\":[\"https:\/\/www.fiarebancaetica.coop\/gl\/comunidades-energeticas\/\"]}]},{\"@type\":\"ImageObject\",\"inLanguage\":\"gl-ES\",\"@id\":\"https:\/\/www.fiarebancaetica.coop\/gl\/comunidades-energeticas\/#primaryimage\",\"url\":\"https:\/\/www.fiarebancaetica.coop\/app\/uploads\/sites\/2\/2024\/12\/Diseno-sin-titulo-1.jpg\",\"contentUrl\":\"https:\/\/www.fiarebancaetica.coop\/app\/uploads\/sites\/2\/2024\/12\/Diseno-sin-titulo-1.jpg\"},{\"@type\":\"WebSite\",\"@id\":\"https:\/\/www.fiarebancaetica.coop\/gl\/#website\",\"url\":\"https:\/\/www.fiarebancaetica.coop\/gl\/\",\"name\":\"Fiare Banca Etica\",\"description\":\"\",\"potentialAction\":[{\"@type\":\"SearchAction\",\"target\":{\"@type\":\"EntryPoint\",\"urlTemplate\":\"https:\/\/www.fiarebancaetica.coop\/gl\/?s={search_term_string}\"},\"query-input\":{\"@type\":\"PropertyValueSpecification\",\"valueRequired\":true,\"valueName\":\"search_term_string\"}}],\"inLanguage\":\"gl-ES\"}]}<\/script>\n<!-- \/ Yoast SEO plugin. -->","yoast_head_json":{"title":"- Fiare Banca Etica","robots":{"index":"index","follow":"follow","max-snippet":"max-snippet:-1","max-image-preview":"max-image-preview:large","max-video-preview":"max-video-preview:-1"},"canonical":"https:\/\/www.fiarebancaetica.coop\/gl\/comunidades-energeticas\/","og_locale":"gl_ES","og_type":"article","og_title":"- Fiare Banca Etica","og_url":"https:\/\/www.fiarebancaetica.coop\/gl\/comunidades-energeticas\/","og_site_name":"Fiare Banca Etica","article_modified_time":"2025-01-16T10:52:07+00:00","og_image":[{"url":"https:\/\/www.fiarebancaetica.coop\/app\/uploads\/sites\/2\/2024\/12\/Diseno-sin-titulo-1.jpg","type":"","width":"","height":""}],"twitter_card":"summary_large_image","schema":{"@context":"https:\/\/schema.org","@graph":[{"@type":"WebPage","@id":"https:\/\/www.fiarebancaetica.coop\/gl\/comunidades-energeticas\/","url":"https:\/\/www.fiarebancaetica.coop\/gl\/comunidades-energeticas\/","name":"- Fiare Banca Etica","isPartOf":{"@id":"https:\/\/www.fiarebancaetica.coop\/gl\/#website"},"primaryImageOfPage":{"@id":"https:\/\/www.fiarebancaetica.coop\/gl\/comunidades-energeticas\/#primaryimage"},"image":{"@id":"https:\/\/www.fiarebancaetica.coop\/gl\/comunidades-energeticas\/#primaryimage"},"thumbnailUrl":"https:\/\/www.fiarebancaetica.coop\/app\/uploads\/sites\/2\/2024\/12\/Diseno-sin-titulo-1.jpg","datePublished":"2024-12-12T10:20:49+00:00","dateModified":"2025-01-16T10:52:07+00:00","inLanguage":"gl-ES","potentialAction":[{"@type":"ReadAction","target":["https:\/\/www.fiarebancaetica.coop\/gl\/comunidades-energeticas\/"]}]},{"@type":"ImageObject","inLanguage":"gl-ES","@id":"https:\/\/www.fiarebancaetica.coop\/gl\/comunidades-energeticas\/#primaryimage","url":"https:\/\/www.fiarebancaetica.coop\/app\/uploads\/sites\/2\/2024\/12\/Diseno-sin-titulo-1.jpg","contentUrl":"https:\/\/www.fiarebancaetica.coop\/app\/uploads\/sites\/2\/2024\/12\/Diseno-sin-titulo-1.jpg"},{"@type":"WebSite","@id":"https:\/\/www.fiarebancaetica.coop\/gl\/#website","url":"https:\/\/www.fiarebancaetica.coop\/gl\/","name":"Fiare Banca Etica","description":"","potentialAction":[{"@type":"SearchAction","target":{"@type":"EntryPoint","urlTemplate":"https:\/\/www.fiarebancaetica.coop\/gl\/?s={search_term_string}"},"query-input":{"@type":"PropertyValueSpecification","valueRequired":true,"valueName":"search_term_string"}}],"inLanguage":"gl-ES"}]}},"_links":{"self":[{"href":"https:\/\/www.fiarebancaetica.coop\/gl\/wp-json\/wp\/v2\/pages\/381936","targetHints":{"allow":["GET"]}}],"collection":[{"href":"https:\/\/www.fiarebancaetica.coop\/gl\/wp-json\/wp\/v2\/pages"}],"about":[{"href":"https:\/\/www.fiarebancaetica.coop\/gl\/wp-json\/wp\/v2\/types\/page"}],"author":[{"embeddable":true,"href":"https:\/\/www.fiarebancaetica.coop\/gl\/wp-json\/wp\/v2\/users\/6692"}],"replies":[{"embeddable":true,"href":"https:\/\/www.fiarebancaetica.coop\/gl\/wp-json\/wp\/v2\/comments?post=381936"}],"version-history":[{"count":9,"href":"https:\/\/www.fiarebancaetica.coop\/gl\/wp-json\/wp\/v2\/pages\/381936\/revisions"}],"predecessor-version":[{"id":382575,"href":"https:\/\/www.fiarebancaetica.coop\/gl\/wp-json\/wp\/v2\/pages\/381936\/revisions\/382575"}],"wp:attachment":[{"href":"https:\/\/www.fiarebancaetica.coop\/gl\/wp-json\/wp\/v2\/media?parent=381936"}],"wp:term":[{"taxonomy":"author","embeddable":true,"href":"https:\/\/www.fiarebancaetica.coop\/gl\/wp-json\/wp\/v2\/coauthors?post=381936"}],"curies":[{"name":"wp","href":"https:\/\/api.w.org\/{rel}","templated":true}]}}